{"id":1500,"date":"2020-09-05T03:33:20","date_gmt":"2020-09-05T01:33:20","guid":{"rendered":"https:\/\/preprod.momentum.fr\/?page_id=1500"},"modified":"2020-12-09T07:51:05","modified_gmt":"2020-12-09T06:51:05","slug":"nos-services-en-groupe","status":"publish","type":"page","link":"https:\/\/momentum.fr\/index.php\/nos-services-en-groupe\/","title":{"rendered":"Nos services &#8211; EN GROUPE"},"content":{"rendered":"<p>[vc_row full_width=\u00a0\u00bbstretch_row_content_no_spaces\u00a0\u00bb css=\u00a0\u00bb.vc_custom_1598652513429{background-image: url(http:\/\/preprod.momentum.fr\/wp-content\/uploads\/2020\/08\/bg-nos-services.jpg?id=1257) !important;background-position: center !important;background-repeat: no-repeat !important;background-size: cover !important;}\u00a0\u00bb][vc_column el_class=\u00a0\u00bbsss\u00a0\u00bb]<div id=\"sc_title_117767353\"\n\t\tclass=\"sc_title color_style_default sc_title_default header-service  vc_custom_1603231292871\"><h3 class=\"sc_item_title sc_title_title sc_align_center sc_item_title_style_default\">Des services sur-mesure<br \/>\nadapt\u00e9s \u00e0 votre probl\u00e9matique<\/h3><div class=\"sc_item_descr sc_title_descr sc_align_center sc_item_title_style_default\"><p><a href=\"index.php\/nos-services-en-individuel\/\" >Coaching individuel<\/a><a class=\"actif\">Coaching d\u2019associ\u00e9s et d\u2019\u00e9quipes<\/a><\/p>\n<\/div><\/div><!-- \/.sc_title -->[\/vc_column][\/vc_row][vc_row][vc_column width=\u00a0\u00bb1\/2&Prime;][vc_single_image image=\u00a0\u00bb2338&Prime; img_size=\u00a0\u00bblarge\u00a0\u00bb][\/vc_column][vc_column width=\u00a0\u00bb1\/2&Prime;][vc_empty_space alter_height=\u00a0\u00bbsmall\u00a0\u00bb hide_on_mobile=\u00a0\u00bb\u00a0\u00bb][vc_empty_space alter_height=\u00a0\u00bbsmall\u00a0\u00bb hide_on_mobile=\u00a0\u00bb\u00a0\u00bb]<div id=\"sc_title_835141169\"\n\t\tclass=\"sc_title color_style_default sc_title_default title-coach\"><h6 class=\"sc_item_subtitle sc_title_subtitle sc_align_left sc_item_title_style_default\">EN GROUPE<\/h6><h3 class=\"sc_item_title sc_title_title sc_align_left sc_item_title_style_default\">Diagnostic et mise au point<\/h3><div class=\"sc_item_descr sc_title_descr sc_align_left sc_item_title_style_default\"><p><strong>OBJECTIF<\/strong><\/p>\n<hr \/>\n<p>Prenez le temps de faire un \u00e9tat des lieux et osez affirmer vos ambitions. Identifiez vos ressources et projetez-vous dans l\u2019avenir pour d\u00e9finir vos priorit\u00e9s..<\/p>\n<p>\u2022 Momentum se sert de la puissance du collectif pour permettre<br \/>\n\u00e0 chacun de se red\u00e9couvrir \u00e0 travers le regard des autres.<br \/>\n\u2022 Un espace de dialogue pour mettre, ensemble, des mots sur nos<br \/>\nd\u00e9fis et  nos ressources.<br \/>\n\u2022 Puisez dans la force du groupe pour faire \u00e9merger une vision,<br \/>\nune perspective nouvelle.<\/p>\n<\/div><div class=\"sc_item_button sc_item_button_default sc_title_button sc_align_left sc_button_wrap sc_align_left\"><a href=\"index.php\/temoignages\/\" id=\"sc_button_660327218\" class=\"sc_button color_style_default sc_button_default sc_button_size_normal\"><span class=\"sc_button_text\"><span class=\"sc_button_title\">Il \/ Elle t\u00e9moigne<\/span><\/span><!-- \/.sc_button_text --><\/a><!-- \/.sc_button --><\/div><!-- \/.sc_item_button sc_item_button_default sc_title_button sc_align_left --><\/div><!-- \/.sc_title -->[vc_empty_space alter_height=\u00a0\u00bbsmall\u00a0\u00bb hide_on_mobile=\u00a0\u00bb\u00a0\u00bb][\/vc_column][\/vc_row][vc_row][vc_column][vc_empty_space alter_height=\u00a0\u00bbsmall\u00a0\u00bb hide_on_mobile=\u00a0\u00bb\u00a0\u00bb]<div id=\"sc_title_1998992922\"\n\t\tclass=\"sc_title color_style_default sc_title_default service2\"><h3 class=\"sc_item_title sc_title_title sc_align_center sc_item_title_style_default\">Momentum cr\u00e9\u00e9 l\u2019espace et les conditions n\u00e9cessaires pour ouvrir le dialogue. Ensemble, nous explorons les freins et les leviers pour concr\u00e9tiser vos projets.<\/h3><\/div><!-- \/.sc_title -->[vc_empty_space alter_height=\u00a0\u00bbmedium\u00a0\u00bb hide_on_mobile=\u00a0\u00bb\u00a0\u00bb][\/vc_column][\/vc_row][vc_row][vc_column width=\u00a0\u00bb1\/2&Prime;][vc_empty_space alter_height=\u00a0\u00bbsmall\u00a0\u00bb hide_on_mobile=\u00a0\u00bb\u00a0\u00bb]<div id=\"sc_title_597330358\"\n\t\tclass=\"sc_title color_style_default sc_title_default title-coach\"><h6 class=\"sc_item_subtitle sc_title_subtitle sc_align_left sc_item_title_style_default\">EN GROUPE<\/h6><h3 class=\"sc_item_title sc_title_title sc_align_left sc_item_title_style_default\">La question du leadership<\/h3><div class=\"sc_item_descr sc_title_descr sc_align_left sc_item_title_style_default\"><p><strong>OBJECTIF<\/strong><\/p>\n<hr \/>\n<p>Comment d\u00e9finir et incarner son leadership ? A partir d\u2019un ou plusieurs objectifs de performance, le coach vous accompagne dans la r\u00e9ussite de vos projets.<\/p>\n<p>\u2022 Prise de conscience de la vision de l\u2019autre, soulever les tabous,<br \/>\nprendre le temps de se dire les choses<br \/>\n\u2022 D\u00e9finition d\u2019une strat\u00e9gie de groupe<br \/>\n\u2022 Test and learn : application de la strat\u00e9gie et optimisation<\/p>\n<\/div><div class=\"sc_item_button sc_item_button_default sc_title_button sc_align_left sc_button_wrap sc_align_left\"><a href=\"index.php\/temoignages\/\" id=\"sc_button_2020515865\" class=\"sc_button color_style_default sc_button_default sc_button_size_normal\"><span class=\"sc_button_text\"><span class=\"sc_button_title\">Il \/ Elle t\u00e9moigne<\/span><\/span><!-- \/.sc_button_text --><\/a><!-- \/.sc_button --><\/div><!-- \/.sc_item_button sc_item_button_default sc_title_button sc_align_left --><\/div><!-- \/.sc_title -->[\/vc_column][vc_column width=\u00a0\u00bb1\/2&Prime;][vc_single_image image=\u00a0\u00bb1492&Prime; img_size=\u00a0\u00bblarge\u00a0\u00bb alignment=\u00a0\u00bbcenter\u00a0\u00bb][\/vc_column][\/vc_row][vc_row][vc_column][vc_empty_space alter_height=\u00a0\u00bbmedium\u00a0\u00bb hide_on_mobile=\u00a0\u00bb\u00a0\u00bb]<div id=\"sc_title_1374304106\"\n\t\tclass=\"sc_title color_style_default sc_title_default service2\"><h3 class=\"sc_item_title sc_title_title sc_align_center sc_item_title_style_default\">Nous veillons \u00e0 ce que vos ambitions soient<br \/>\nalign\u00e9es avec vos valeurs pour en garantir<br \/>\nle succ\u00e8s et la p\u00e9rennit\u00e9.<\/h3><\/div><!-- \/.sc_title -->[vc_empty_space alter_height=\u00a0\u00bbmedium\u00a0\u00bb hide_on_mobile=\u00a0\u00bb\u00a0\u00bb][\/vc_column][\/vc_row][vc_row][vc_column][vc_single_image image=\u00a0\u00bb1496&Prime; img_size=\u00a0\u00bbfull\u00a0\u00bb alignment=\u00a0\u00bbcenter\u00a0\u00bb][vc_empty_space alter_height=\u00a0\u00bbmedium\u00a0\u00bb hide_on_mobile=\u00a0\u00bb\u00a0\u00bb][\/vc_column][\/vc_row][vc_row][vc_column width=\u00a0\u00bb1\/2&Prime;][vc_single_image image=\u00a0\u00bb2338&Prime; img_size=\u00a0\u00bblarge\u00a0\u00bb][\/vc_column][vc_column width=\u00a0\u00bb1\/2&Prime;][vc_empty_space alter_height=\u00a0\u00bbsmall\u00a0\u00bb hide_on_mobile=\u00a0\u00bb\u00a0\u00bb][vc_empty_space alter_height=\u00a0\u00bbsmall\u00a0\u00bb hide_on_mobile=\u00a0\u00bb\u00a0\u00bb]<div id=\"sc_title_570332910\"\n\t\tclass=\"sc_title color_style_default sc_title_default title-coach\"><h6 class=\"sc_item_subtitle sc_title_subtitle sc_align_left sc_item_title_style_default\">EN GROUPE<\/h6><h3 class=\"sc_item_title sc_title_title sc_align_left sc_item_title_style_default\">Transmission et supervision<\/h3><div class=\"sc_item_descr sc_title_descr sc_align_left sc_item_title_style_default\"><p><strong>OBJECTIF<\/strong><\/p>\n<hr \/>\n<p>Par le biais d\u2019ateliers, et de conf\u00e9rences, nous vous donnons les clefs pour d\u00e9velopper votre intelligence sociale.<\/p>\n<\/div><div class=\"sc_item_button sc_item_button_default sc_title_button sc_align_left sc_button_wrap sc_align_left\"><a href=\"index.php\/temoignages\/\" id=\"sc_button_1453025605\" class=\"sc_button color_style_default sc_button_default sc_button_size_normal\"><span class=\"sc_button_text\"><span class=\"sc_button_title\">Il \/ Elle t\u00e9moigne<\/span><\/span><!-- \/.sc_button_text --><\/a><!-- \/.sc_button --><\/div><!-- \/.sc_item_button sc_item_button_default sc_title_button sc_align_left --><\/div><!-- \/.sc_title -->[vc_empty_space alter_height=\u00a0\u00bbsmall\u00a0\u00bb hide_on_mobile=\u00a0\u00bb\u00a0\u00bb][\/vc_column][\/vc_row][vc_row][vc_column width=\u00a0\u00bb1\/3&Prime;][vc_single_image image=\u00a0\u00bb1544&Prime; img_size=\u00a0\u00bb75&#215;75&Prime; alignment=\u00a0\u00bbcenter\u00a0\u00bb][vc_empty_space alter_height=\u00a0\u00bbsmall\u00a0\u00bb hide_on_mobile=\u00a0\u00bb\u00a0\u00bb]<div id=\"sc_title_445252988\"\n\t\tclass=\"sc_title color_style_default sc_title_default cols3\"><h3 class=\"sc_item_title sc_title_title sc_align_center sc_item_title_style_default\">SYPERVISION<\/h3><div class=\"sc_item_descr sc_title_descr sc_align_center sc_item_title_style_default\"><p>\u2022 Disposer d\u2019un espace pour formaliser ses interrogations, explorer ses habitudes<\/p>\n<p>\u2022 Converser autour de possibles nouvelles pratiques \u00e0 int\u00e9grer<\/p>\n<p>\u2022 Retrouver un mouvement pour aller de l\u2019avant<\/p>\n<\/div><\/div><!-- \/.sc_title -->[\/vc_column][vc_column width=\u00a0\u00bb1\/3&Prime;][vc_single_image image=\u00a0\u00bb1545&Prime; img_size=\u00a0\u00bb75&#215;75&Prime; alignment=\u00a0\u00bbcenter\u00a0\u00bb][vc_empty_space alter_height=\u00a0\u00bbsmall\u00a0\u00bb hide_on_mobile=\u00a0\u00bb\u00a0\u00bb]<div id=\"sc_title_1701225070\"\n\t\tclass=\"sc_title color_style_default sc_title_default cols3\"><h3 class=\"sc_item_title sc_title_title sc_align_center sc_item_title_style_default\">Conf\u00e9rence-atelier de sensibilisation sur mesure adapt\u00e9 \u00e0 votre contexte en association avec nos partenaires sp\u00e9cialis\u00e9s :<\/h3><div class=\"sc_item_descr sc_title_descr sc_align_center sc_item_title_style_default\"><p>\u2022 Apprentissages en regards crois\u00e9s et dialogue autour de ses sch\u00e9mas habituels de comportement dans le collectif<\/p>\n<p>\u2022 Rencontres professionnelles<\/p>\n<p>\u2022 Exercices de mise en situation pour d\u00e9placer nos chemins de pens\u00e9es habituels.<\/p>\n<\/div><\/div><!-- \/.sc_title -->[vc_empty_space alter_height=\u00a0\u00bblarge\u00a0\u00bb hide_on_mobile=\u00a0\u00bb\u00a0\u00bb][vc_empty_space hide_on_mobile=\u00a0\u00bb\u00a0\u00bb][\/vc_column][vc_column width=\u00a0\u00bb1\/3&Prime;][vc_single_image image=\u00a0\u00bb1543&Prime; img_size=\u00a0\u00bb75&#215;75&Prime; alignment=\u00a0\u00bbcenter\u00a0\u00bb][vc_empty_space alter_height=\u00a0\u00bbsmall\u00a0\u00bb hide_on_mobile=\u00a0\u00bb\u00a0\u00bb]<div id=\"sc_title_1856346425\"\n\t\tclass=\"sc_title color_style_default sc_title_default cols3\"><h3 class=\"sc_item_title sc_title_title sc_align_center sc_item_title_style_default\">Ateliers de professionnalisation en groupe de pairs pour managers : <\/h3><div class=\"sc_item_descr sc_title_descr sc_align_center sc_item_title_style_default\"><p>\u2022 Disposer d\u2019un espace pour formaliser ses interrogations, explorer ses habitudes<\/p>\n<p>\u2022 Converser autour de nouvelles pratiques \u00e0 int\u00e9grer<\/p>\n<p>\u2022 Retrouver un mouvement pour aller de l\u2019avant<\/p>\n<\/div><\/div><!-- \/.sc_title -->[\/vc_column][\/vc_row]<\/p>\n","protected":false},"excerpt":{"rendered":"<p>[vc_row full_width=\u00a0\u00bbstretch_row_content_no_spaces\u00a0\u00bb css=\u00a0\u00bb.vc_custom_1598652513429{background-image: url(http:\/\/preprod.momentum.fr\/wp-content\/uploads\/2020\/08\/bg-nos-services.jpg?id=1257) !important;background-position: center !important;background-repeat: no-repeat !important;background-size: cover !important;}\u00a0\u00bb][vc_column el_class=\u00a0\u00bbsss\u00a0\u00bb][\/vc_column][\/vc_row][vc_row][vc_column width=\u00a0\u00bb1\/2&Prime;][vc_single_image image=\u00a0\u00bb2338&Prime; img_size=\u00a0\u00bblarge\u00a0\u00bb][\/vc_column][vc_column width=\u00a0\u00bb1\/2&Prime;][vc_empty_space alter_height=\u00a0\u00bbsmall\u00a0\u00bb hide_on_mobile=\u00a0\u00bb\u00a0\u00bb][vc_empty_space alter_height=\u00a0\u00bbsmall\u00a0\u00bb hide_on_mobile=\u00a0\u00bb\u00a0\u00bb][vc_empty_space alter_height=\u00a0\u00bbsmall\u00a0\u00bb hide_on_mobile=\u00a0\u00bb\u00a0\u00bb][\/vc_column][\/vc_row][vc_row][vc_column][vc_empty_space alter_height=\u00a0\u00bbsmall\u00a0\u00bb hide_on_mobile=\u00a0\u00bb\u00a0\u00bb][vc_empty_space alter_height=\u00a0\u00bbmedium\u00a0\u00bb hide_on_mobile=\u00a0\u00bb\u00a0\u00bb][\/vc_column][\/vc_row][vc_row][vc_column width=\u00a0\u00bb1\/2&Prime;][vc_empty_space alter_height=\u00a0\u00bbsmall\u00a0\u00bb&hellip;<\/p>\n","protected":false},"author":1,"featured_media":0,"parent":0,"menu_order":0,"comment_status":"closed","ping_status":"closed","template":"","meta":[],"_links":{"self":[{"href":"https:\/\/momentum.fr\/index.php\/wp-json\/wp\/v2\/pages\/1500"}],"collection":[{"href":"https:\/\/momentum.fr\/index.php\/wp-json\/wp\/v2\/pages"}],"about":[{"href":"https:\/\/momentum.fr\/index.php\/wp-json\/wp\/v2\/types\/page"}],"author":[{"embeddable":true,"href":"https:\/\/momentum.fr\/index.php\/wp-json\/wp\/v2\/users\/1"}],"replies":[{"embeddable":true,"href":"https:\/\/momentum.fr\/index.php\/wp-json\/wp\/v2\/comments?post=1500"}],"version-history":[{"count":35,"href":"https:\/\/momentum.fr\/index.php\/wp-json\/wp\/v2\/pages\/1500\/revisions"}],"predecessor-version":[{"id":2498,"href":"https:\/\/momentum.fr\/index.php\/wp-json\/wp\/v2\/pages\/1500\/revisions\/2498"}],"wp:attachment":[{"href":"https:\/\/momentum.fr\/index.php\/wp-json\/wp\/v2\/media?parent=1500"}],"curies":[{"name":"wp","href":"https:\/\/api.w.org\/{rel}","templated":true}]}}